{"id":6571,"date":"2017-05-10T22:26:47","date_gmt":"2017-05-10T22:26:47","guid":{"rendered":"http:\/\/politicalwp.themeslr.com\/?page_id=6571"},"modified":"2024-03-08T18:29:21","modified_gmt":"2024-03-08T18:29:21","slug":"home-header-3","status":"publish","type":"page","link":"https:\/\/codyfororegon.com\/es\/","title":{"rendered":""},"content":{"rendered":"<div data-vc-full-width=\"true\" data-vc-full-width-init=\"false\" class=\"vc_row wpb_row vc_row-fluid vc_custom_1636604382998 vc_row-has-fill\"><div class=\"wpb_column vc_column_container vc_col-sm-12\"><div class=\"vc_column-inner\"><div class=\"wpb_wrapper\"><div class=\"title-subtile-holder\"><h1 class=\"section-title dark_title\">Por qu\u00e9 me presento<\/h1><div class=\"section-subtitle dark_subtitle\">Hola, Soy Cody Reynolds, soy un veterano del ejercito que se postulo para el Congreso en el sexto distrito de Oreg\u00f3n, ya que, es el momento que Oreg\u00f3n tenga un representante cuya primera prioridad sea el servicio. Nuestros representantes han omitido problemas tan importantes como la vivienda asequible, los altos costos y constante aumento de estos en salud, el cambio clim\u00e1tico y las personas que no tienen hogar. Yo estoy financiando mi campa\u00f1a con mis propios fondos, por cuanto quiero invertir mi tiempo en ganarme su voto y trabajar en nombre de ustedes en vez de desgastarme solicitando donaciones. d\u00e9jenme trabajar para ustedes y aumentar la prosperidad de Oreg\u00f3n.<\/div><\/div><div class=\"vc_btn3-container vc_btn3-center\" ><a style=\"background-color:#226381; color:#ffffff;\" class=\"vc_general vc_btn3 vc_btn3-size-md vc_btn3-shape-square vc_btn3-style-custom\" href=\"https:\/\/codyfororegon.com\/es\/about\/\" title=\"About\">Acerca de Cody<\/a><\/div><\/div><\/div><\/div><\/div><div class=\"vc_row-full-width vc_clearfix\"><\/div><div data-vc-full-width=\"true\" data-vc-full-width-init=\"false\" class=\"vc_row wpb_row vc_row-fluid vc_custom_1636602435373 vc_row-has-fill\"><div class=\"wpb_column vc_column_container vc_col-sm-12\"><div class=\"vc_column-inner\"><div class=\"wpb_wrapper\"><div class=\"vc_row wpb_row vc_inner vc_row-fluid vc_custom_1636602325217 vc_row-has-fill\"><div class=\"wpb_column vc_column_container vc_col-sm-6\"><div class=\"vc_column-inner\"><div class=\"wpb_wrapper\">\n\t<div class=\"wpb_raw_code wpb_content_element wpb_raw_html\" >\n\t\t<div class=\"wpb_wrapper\">\n\t\t\t<iframe loading=\"lazy\" width=\"560\" height=\"315\" src=\"https:\/\/www.youtube.com\/embed\/ZTYOzfuJBKM?rel=0 \" frameborder=\"0\" allow=\"accelerometer; autoplay; encrypted-media; gyroscope; picture-in-picture\" allowfullscreen><\/iframe>\n\t\t<\/div>\n\t<\/div>\n<\/div><\/div><\/div><div class=\"wpb_column vc_column_container vc_col-sm-6\"><div class=\"vc_column-inner\"><div class=\"wpb_wrapper\"><h2 style=\"text-align: left\" class=\"vc_custom_heading\" >Una campa\u00f1a para el pueblo de Oreg\u00f3n<\/h2>\n\t<div class=\"wpb_text_column wpb_content_element\" >\n\t\t<div class=\"wpb_wrapper\">\n\t\t\t<p>I believe in a future of opportunity and innovation, where we have a sustainable economy that gives every American the chance to find their purpose, earn a good living, and live happy, productive lives. What does this look like? It looks like an affordable college education, high quality health care that is accessible for all, and businesses that are free from needless regulation that will allow them to thrive, while still being responsible stewards of the environment.<\/p>\n\n\t\t<\/div>\n\t<\/div>\n<\/div><\/div><\/div><\/div><div class=\"vc_empty_space\"   style=\"height: 15px\"><span class=\"vc_empty_space_inner\"><\/span><\/div><\/div><\/div><\/div><\/div><div class=\"vc_row-full-width vc_clearfix\"><\/div><div data-vc-full-width=\"true\" data-vc-full-width-init=\"false\" class=\"vc_row wpb_row vc_row-fluid vc_custom_1636602458259\"><div class=\"wpb_column vc_column_container vc_col-sm-4\"><div class=\"vc_column-inner\"><div class=\"wpb_wrapper\">\n\t<div class=\"wpb_text_column wpb_content_element  wpb_animate_when_almost_visible wpb_fadeInUp fadeInUp\" >\n\t\t<div class=\"wpb_wrapper\">\n\t\t\t<h2 style=\"text-align: left;\">Una historia de servicio<\/h2>\n<p>El servicio es una vital parte del ADN de Cody. \u00c9l tiene una historia multigeneracional de servicio en su familia. Cody tambi\u00e9n, decidi\u00f3 dedicar parte de su vida a servir a su pa\u00eds a trav\u00e9s de las fuerzas armadas, pero sufri\u00f3 una incapacidad mientras lo hac\u00eda, la cual le forz\u00f3 a abandonar su sue\u00f1o de servir toda su vida en las fuerzas armadas. Desde ese momento Cody ha buscado los momentos y oportunidades en los cuales ha sido requerido. A trav\u00e9s de los \u00faltimos 15 a\u00f1os Cody se ha enfocado en trabajar y guiar a la juventud menos privilegiada, a la gente con necesidades especiales, y ayudar a los veteranos en discapacidad, como el mismo y ahora se est\u00e1 postulando como candidato capaz para representar a todos los Oregonienses.<\/p>\n\n\t\t<\/div>\n\t<\/div>\n<div class=\"vc_empty_space\"   style=\"height: 30px\"><span class=\"vc_empty_space_inner\"><\/span><\/div>\n\t<div class=\"wpb_text_column wpb_content_element  wpb_animate_when_almost_visible wpb_fadeInUp fadeInUp\" >\n\t\t<div class=\"wpb_wrapper\">\n\t\t\t<h2>Un futurista<\/h2>\n<p>Cody siempre ha sido un adoptante temprano de las tecnolog\u00edas emergentes. El ha experimentado que tan r\u00e1pido la tecnolog\u00eda puede mejorar y simplificar el diario vivir de las personas. Cody de manera discreta ha sido integral en la creaci\u00f3n de algunas de las empresas m\u00e1s influyentes y valiosas en el espacio de las crypto monedas, y ha contribuido de manera significativa en varios proyectos multibillonarios.<\/p>\n\n\t\t<\/div>\n\t<\/div>\n<div class=\"vc_empty_space\"   style=\"height: 30px\"><span class=\"vc_empty_space_inner\"><\/span><\/div><\/div><\/div><\/div><div class=\"wpb_column vc_column_container vc_col-sm-4\"><div class=\"vc_column-inner\"><div class=\"wpb_wrapper\"><div class=\"vc_empty_space\"   style=\"height: 25px\"><span class=\"vc_empty_space_inner\"><\/span><\/div>\n\t<div class=\"wpb_text_column wpb_content_element  wpb_animate_when_almost_visible wpb_fadeInUp fadeInUp\" >\n\t\t<div class=\"wpb_wrapper\">\n\t\t\t<figure id=\"attachment_7326\" aria-describedby=\"caption-attachment-7326\" style=\"width: 640px\" class=\"wp-caption aligncenter\"><img loading=\"lazy\" decoding=\"async\" class=\"img-rounded wp-image-7326 size-large\" src=\"https:\/\/codyfororegon.com\/wp-content\/uploads\/2021\/11\/14-756x1024.jpg\" alt=\"Cody Reynolds at West Point\" width=\"640\" height=\"867\" srcset=\"https:\/\/codyfororegon.com\/wp-content\/uploads\/2021\/11\/14-756x1024.jpg 756w, https:\/\/codyfororegon.com\/wp-content\/uploads\/2021\/11\/14-222x300.jpg 222w, https:\/\/codyfororegon.com\/wp-content\/uploads\/2021\/11\/14-768x1040.jpg 768w, https:\/\/codyfororegon.com\/wp-content\/uploads\/2021\/11\/14-1135x1536.jpg 1135w, https:\/\/codyfororegon.com\/wp-content\/uploads\/2021\/11\/14-1513x2048.jpg 1513w, https:\/\/codyfororegon.com\/wp-content\/uploads\/2021\/11\/14-600x812.jpg 600w, https:\/\/codyfororegon.com\/wp-content\/uploads\/2021\/11\/14-scaled.jpg 1891w\" sizes=\"(max-width: 640px) 100vw, 640px\" \/><figcaption id=\"caption-attachment-7326\" class=\"wp-caption-text\">Steven Cody Reynolds en West Point. Ni la informaci\u00f3n militar, ni las fotograf\u00edas implican el respaldo del Departamento de Defensa o del Ej\u00e9rcito de los Estados Unidos.<\/figcaption><\/figure>\n\n\t\t<\/div>\n\t<\/div>\n<\/div><\/div><\/div><div class=\"wpb_column vc_column_container vc_col-sm-4\"><div class=\"vc_column-inner\"><div class=\"wpb_wrapper\">\n\t<div class=\"wpb_text_column wpb_content_element  wpb_animate_when_almost_visible wpb_fadeInUp fadeInUp\" >\n\t\t<div class=\"wpb_wrapper\">\n\t\t\t<h2>Un orgulloso Oregon\u00e9s<\/h2>\n<p>Cody first moved to Oregon after graduating high school to help his sister, a single mother, raise her son. Portland is where he developed his love for the state. Even while traveling the world in the military, Oregon was always home. This love for the state, and for the people of Oregon has driven Cody\u2019s desire to campaign for a better today and tomorrow for the people of Oregon, and to earn the honor of representing them in Washington D.C.<\/p>\n\n\t\t<\/div>\n\t<\/div>\n<div class=\"vc_empty_space\"   style=\"height: 30px\"><span class=\"vc_empty_space_inner\"><\/span><\/div>\n\t<div class=\"wpb_text_column wpb_content_element  wpb_animate_when_almost_visible wpb_fadeInUp fadeInUp\" >\n\t\t<div class=\"wpb_wrapper\">\n\t\t\t<h2 style=\"text-align: left;\">Un solucionador de problemas<\/h2>\n<p style=\"text-align: left;\">Where Cody is at his best is in helping to solve complicated challenges through an exceptional ability to communicate multidisciplinary problems in a simple, yet effective manner. From serving as an officer in the Army to building multiple businesses, Cody has faced and overcome many challenges in his career. He has a proven track record of building successful coalitions of people with varying skills, beliefs, and political positions.<\/p>\n\n\t\t<\/div>\n\t<\/div>\n<div class=\"vc_empty_space\"   style=\"height: 30px\"><span class=\"vc_empty_space_inner\"><\/span><\/div><\/div><\/div><\/div><\/div><div class=\"vc_row-full-width vc_clearfix\"><\/div><div data-vc-full-width=\"true\" data-vc-full-width-init=\"false\" class=\"vc_row wpb_row vc_row-fluid vc_custom_1636604455923 vc_row-has-fill lvca-dark-bg\"><div class=\"wpb_column vc_column_container vc_col-sm-12\"><div class=\"vc_column-inner\"><div class=\"wpb_wrapper\"><div class=\"title-subtile-holder\"><h1 class=\"section-title light_title\">Asuntos<\/h1><div class=\"section-subtitle light_subtitle\"><\/div><\/div>\n        <div class=\"lvca-accordion lvca-style1\" data-toggle=\"true\">\n\n            \n        <div class=\"lvca-panel\">\n\n            <div class=\"lvca-panel-title\">Vivienda asequible<\/div>\n\n            <div class=\"lvca-panel-content\"><\/p>\n<div class=\"vc_row wpb_row vc_row-fluid vc_custom_1637700180766\">\n<div class=\"wpb_column vc_column_container vc_col-sm-12\">\n<div class=\"vc_column-inner\">\n<div class=\"wpb_wrapper\">\n<div class=\"wpb_text_column wpb_content_element\">\n<div class=\"wpb_wrapper\">\n<p>Cody lleva mucho tiempo defendiendo la vivienda asequible en Oreg\u00f3n. Entiende lo dif\u00edcil que puede ser encontrar un lugar asequible para vivir, y por eso quiere aumentar la disponibilidad de desarrollo de ingresos mixtos y zonas de oportunidad con responsabilidad como medio para incentivar la expansi\u00f3n de la oferta de viviendas asequibles.<\/p>\n<\/div>\n<\/div>\n<\/div>\n<\/div>\n<\/div>\n<\/div>\n<p><\/div>\n\n        <\/div>\n\n        \n        <div class=\"lvca-panel\">\n\n            <div class=\"lvca-panel-title\">Asistencia sanitaria<\/div>\n\n            <div class=\"lvca-panel-content\"><\/p>\n<div class=\"vc_row wpb_row vc_row-fluid vc_custom_1637700180766\">\n<div class=\"wpb_column vc_column_container vc_col-sm-12\">\n<div class=\"vc_column-inner\">\n<div class=\"wpb_wrapper\">\n<div class=\"wpb_text_column wpb_content_element\">\n<div class=\"wpb_wrapper\">\n<p>Healthcare is a human right. Cody firmly believes in Medicare for All and knows it should be open to anyone who chooses to enroll into it. Medicare should exist as a baseline of care that can be supplemented with private insurance for those that may prefer it. Medicare is high quality care for everyone. It has a long history of effectively treating our seniors, and could be scaled to do the same for all Americans.<\/p>\n<\/div>\n<\/div>\n<\/div>\n<\/div>\n<\/div>\n<\/div>\n<p><\/div>\n\n        <\/div>\n\n        \n        <div class=\"lvca-panel\">\n\n            <div class=\"lvca-panel-title\">Trabajos<\/div>\n\n            <div class=\"lvca-panel-content\"><\/p>\n<div class=\"vc_row wpb_row vc_row-fluid vc_custom_1637699831055 vc_row-o-content-middle vc_row-flex\">\n<div class=\"wpb_column vc_column_container vc_col-sm-12\">\n<div class=\"vc_column-inner\">\n<div class=\"wpb_wrapper\">\n<div class=\"vc_wp_text wpb_content_element\">\n<div class=\"widget widget_text\">\n<div class=\"textwidget\">\n<p>Cody cree que para frenar los efectos del cambio clim\u00e1tico es necesario actuar con valent\u00eda. Tenemos que dar prioridad a la transici\u00f3n de los combustibles f\u00f3siles a las fuentes de energ\u00eda renovables. Para que este cambio tenga \u00e9xito, debemos incentivar a las empresas y a los particulares para que tomen medidas significativas como la instalaci\u00f3n de sistemas solares en los tejados y la mejora de las flotas de veh\u00edculos. Cody entiende que es posible dar pasos pragm\u00e1ticos pero audaces para frenar el cambio clim\u00e1tico si centramos nuestros esfuerzos en programas alcanzables y f\u00e1cilmente incentivables como estos.<\/p>\n<\/div>\n<\/div>\n<\/div>\n<\/div>\n<\/div>\n<\/div>\n<\/div>\n<p><\/div>\n\n        <\/div>\n\n        \n        <div class=\"lvca-panel\">\n\n            <div class=\"lvca-panel-title\">Cambio clim\u00e1tico<\/div>\n\n            <div class=\"lvca-panel-content\"><\/p>\n<div class=\"vc_row wpb_row vc_row-fluid vc_custom_1637700180766\">\n<div class=\"wpb_column vc_column_container vc_col-sm-12\">\n<div class=\"vc_column-inner\">\n<div class=\"wpb_wrapper\">\n<div class=\"wpb_text_column wpb_content_element\">\n<div class=\"wpb_wrapper\">\n<p>Cody believes that in order to slow the effects of climate change, it\u2019s necessary to act boldly. We need to prioritize the transition from fossil fuels towards renewable energy sources. In order for this shift to be successful, we must incentivize businesses and individuals into taking meaningful steps such as installing rooftop solar systems and upgrading vehicle fleets. Cody understands that pragmatic yet bold steps towards slowing climate change is possible by focusing our efforts on achievable and easily incentivized programs such as these.<\/p>\n<\/div>\n<\/div>\n<\/div>\n<\/div>\n<\/div>\n<\/div>\n<p><\/div>\n\n        <\/div>\n\n        \n        <\/div>\n\n        <\/div><\/div><\/div><\/div><div class=\"vc_row-full-width vc_clearfix\"><\/div><section data-vc-full-width=\"true\" data-vc-full-width-init=\"false\" class=\"vc_section vc_custom_1636565797123 vc_section-has-fill\"><div class=\"vc_row wpb_row vc_row-fluid\"><div class=\"wpb_column vc_column_container vc_col-sm-6\"><div class=\"vc_column-inner\"><div class=\"wpb_wrapper\"><div class=\"vc_empty_space\"   style=\"height: 10px\"><span class=\"vc_empty_space_inner\"><\/span><\/div>\n\t<div class=\"wpb_text_column wpb_content_element\" >\n\t\t<div class=\"wpb_wrapper\">\n\t\t\t<p style=\"text-align: left;\">No le pido su dinero, le pido la oportunidad de ganar su voto. Si a\u00fan as\u00ed te sientes inclinado a donar, que sepas que se agradece y nos ayudar\u00e1 a continuar esta lucha.<\/p>\n\n\t\t<\/div>\n\t<\/div>\n<div class=\"vc_empty_space\"   style=\"height: 20px\"><span class=\"vc_empty_space_inner\"><\/span><\/div><\/div><\/div><\/div><div class=\"wpb_column vc_column_container vc_col-sm-6\"><div class=\"vc_column-inner\"><div class=\"wpb_wrapper\">\n\t<div class=\"wpb_raw_code wpb_content_element wpb_raw_html\" >\n\t\t<div class=\"wpb_wrapper\">\n\t\t\t   \n   \n   <div class=\"one text-center\">\n<div class=\"btn-group\" role=\"group\" aria-label=\"Basic example\">\n          \n        <a href=\"https:\/\/secure.actblue.com\/donate\/codyfororegon?refcode=codyfororegon&amount=10\"> <button type=\"button\" class=\"btn btn-red btn-lg custom active\">$10<\/button> <\/a>\n          <a href=\"https:\/\/secure.actblue.com\/donate\/codyfororegon?refcode=codyfororegon&amount=25\"><button type=\"button\" class=\"btn btn-red btn-lg custom active\">$25<\/button><\/a>\n          <a href=\"https:\/\/secure.actblue.com\/donate\/codyfororegon?refcode=codyfororegon&amount=50\"><button type=\"button\" class=\"btn btn-red btn-lg custom active\">$50<\/button><\/a>\n          <br>\n         \n          <a href=\"https:\/\/secure.actblue.com\/donate\/codyfororegon?refcode=codyfororegon&amount=100\"><button type=\"button\" class=\"btn btn-red btn-lg custom active\">$100<\/button><\/a>\n          <a href=\"https:\/\/secure.actblue.com\/donate\/codyfororegon?refcode=codyfororegon&amount=250\"><button type=\"button\" class=\"btn btn-red btn-lg custom active\">$250<\/button><\/a>\n          <a href=\"https:\/\/secure.actblue.com\/donate\/codyfororegon?refcode=codyfororegon\"><button type=\"button\" class=\"btn btn-red btn-lg custom active\">Otros<\/button><\/a>\n           <\/div>\n      <\/div>\n\t\t<\/div>\n\t<\/div>\n<div class=\"vc_empty_space\"   style=\"height: 20px\"><span class=\"vc_empty_space_inner\"><\/span><\/div><\/div><\/div><\/div><\/div><\/section><div class=\"vc_row-full-width vc_clearfix\"><\/div>","protected":false},"excerpt":{"rendered":"Why I'm RunningHi, I'm Cody Reynolds, and I'm an Army veteran running for Congress in the 6th District of Oregon because it's time for Oregon to have a representative who's [...]","protected":false},"author":1,"featured_media":0,"parent":2346,"menu_order":0,"comment_status":"closed","ping_status":"closed","template":"","meta":{"give_campaign_id":0,"footnotes":""},"class_list":["post-6571","page","type-page","status-publish","hentry"],"yoast_head":"<!-- This site is optimized with the Yoast SEO plugin v25.6 - https:\/\/yoast.com\/wordpress\/plugins\/seo\/ -->\n<title>Cody For Congress - Democrat for Oregon&#039;s 6th Congressional District<\/title>\n<meta name=\"description\" content=\"Cody Reynolds is a Veteran and Democrat running for U.S. House of Representatives in Oregon&#039;s 6th Congressional District.\" \/>\n<meta name=\"robots\" content=\"index, follow, max-snippet:-1, max-image-preview:large, max-video-preview:-1\" \/>\n<link rel=\"canonical\" href=\"https:\/\/codyfororegon.com\/es\/\" \/>\n<meta property=\"og:locale\" content=\"es_MX\" \/>\n<meta property=\"og:type\" content=\"article\" \/>\n<meta property=\"og:title\" content=\"Cody For Oregon\" \/>\n<meta property=\"og:description\" content=\"Cody Reynolds is a Democrat running for Congress in Oregon&#039;s 6th District.\" \/>\n<meta property=\"og:url\" content=\"https:\/\/codyfororegon.com\/es\/\" \/>\n<meta property=\"og:site_name\" content=\"Cody Reynolds For Oregon&#039;s 6th Congressional District\" \/>\n<meta property=\"article:publisher\" content=\"https:\/\/www.facebook.com\/CodyForOregon\/\" \/>\n<meta property=\"article:modified_time\" content=\"2024-03-08T18:29:21+00:00\" \/>\n<meta property=\"og:image\" content=\"https:\/\/codyfororegon.com\/wp-content\/uploads\/2022\/01\/CodyForOregon.png\" \/>\n\t<meta property=\"og:image:width\" content=\"1200\" \/>\n\t<meta property=\"og:image:height\" content=\"630\" \/>\n\t<meta property=\"og:image:type\" content=\"image\/png\" \/>\n<meta name=\"twitter:card\" content=\"summary_large_image\" \/>\n<meta name=\"twitter:title\" content=\"Cody For Oregon\" \/>\n<meta name=\"twitter:description\" content=\"Cody Reynolds is a Democrat running for Congress in Oregon&#039;s 6th District.\" \/>\n<meta name=\"twitter:image\" content=\"https:\/\/codyfororegon.com\/wp-content\/uploads\/2022\/01\/CodyForOregon.png\" \/>\n<meta name=\"twitter:site\" content=\"@codyfororegon\" \/>\n<meta name=\"twitter:label1\" content=\"Tiempo de lectura\" \/>\n\t<meta name=\"twitter:data1\" content=\"5 minutos\" \/>\n<script type=\"application\/ld+json\" class=\"yoast-schema-graph\">{\"@context\":\"https:\/\/schema.org\",\"@graph\":[{\"@type\":\"WebPage\",\"@id\":\"https:\/\/codyfororegon.com\/\",\"url\":\"https:\/\/codyfororegon.com\/\",\"name\":\"Cody For Congress - Democrat for Oregon's 6th Congressional District\",\"isPartOf\":{\"@id\":\"https:\/\/codyfororegon.com\/#website\"},\"primaryImageOfPage\":{\"@id\":\"https:\/\/codyfororegon.com\/#primaryimage\"},\"image\":{\"@id\":\"https:\/\/codyfororegon.com\/#primaryimage\"},\"thumbnailUrl\":\"https:\/\/codyfororegon.com\/wp-content\/uploads\/2021\/11\/14-756x1024.jpg\",\"datePublished\":\"2017-05-10T22:26:47+00:00\",\"dateModified\":\"2024-03-08T18:29:21+00:00\",\"description\":\"Cody Reynolds is a Veteran and Democrat running for U.S. House of Representatives in Oregon's 6th Congressional District.\",\"breadcrumb\":{\"@id\":\"https:\/\/codyfororegon.com\/#breadcrumb\"},\"inLanguage\":\"es\",\"potentialAction\":[{\"@type\":\"ReadAction\",\"target\":[\"https:\/\/codyfororegon.com\/\"]}]},{\"@type\":\"ImageObject\",\"inLanguage\":\"es\",\"@id\":\"https:\/\/codyfororegon.com\/#primaryimage\",\"url\":\"https:\/\/codyfororegon.com\/wp-content\/uploads\/2021\/11\/14-756x1024.jpg\",\"contentUrl\":\"https:\/\/codyfororegon.com\/wp-content\/uploads\/2021\/11\/14-756x1024.jpg\"},{\"@type\":\"BreadcrumbList\",\"@id\":\"https:\/\/codyfororegon.com\/#breadcrumb\",\"itemListElement\":[{\"@type\":\"ListItem\",\"position\":1,\"name\":\"Home\",\"item\":\"https:\/\/codyfororegon.com\/\"},{\"@type\":\"ListItem\",\"position\":2,\"name\":\"Home\",\"item\":\"https:\/\/codyfororegon.com\/home\/\"}]},{\"@type\":\"WebSite\",\"@id\":\"https:\/\/codyfororegon.com\/#website\",\"url\":\"https:\/\/codyfororegon.com\/\",\"name\":\"Cody Reynolds For Oregon&#039;s 6th Congressional District\",\"description\":\"Cody For Oregon\",\"publisher\":{\"@id\":\"https:\/\/codyfororegon.com\/#organization\"},\"potentialAction\":[{\"@type\":\"SearchAction\",\"target\":{\"@type\":\"EntryPoint\",\"urlTemplate\":\"https:\/\/codyfororegon.com\/?s={search_term_string}\"},\"query-input\":{\"@type\":\"PropertyValueSpecification\",\"valueRequired\":true,\"valueName\":\"search_term_string\"}}],\"inLanguage\":\"es\"},{\"@type\":\"Organization\",\"@id\":\"https:\/\/codyfororegon.com\/#organization\",\"name\":\"Cody For Oregon\",\"url\":\"https:\/\/codyfororegon.com\/\",\"logo\":{\"@type\":\"ImageObject\",\"inLanguage\":\"es\",\"@id\":\"https:\/\/codyfororegon.com\/#\/schema\/logo\/image\/\",\"url\":\"https:\/\/codyfororegon.com\/wp-content\/uploads\/2022\/01\/Cody-For-Oregon-Picture-01-1024x576.png\",\"contentUrl\":\"https:\/\/codyfororegon.com\/wp-content\/uploads\/2022\/01\/Cody-For-Oregon-Picture-01-1024x576.png\",\"width\":1024,\"height\":576,\"caption\":\"Cody For Oregon\"},\"image\":{\"@id\":\"https:\/\/codyfororegon.com\/#\/schema\/logo\/image\/\"},\"sameAs\":[\"https:\/\/www.facebook.com\/CodyForOregon\/\",\"https:\/\/x.com\/codyfororegon\",\"https:\/\/www.instagram.com\/cody4oregon\/\",\"https:\/\/www.youtube.com\/channel\/UCotg7yX_vv7tNHrT9j0RYOQ\"]}]}<\/script>\n<!-- \/ Yoast SEO plugin. -->","yoast_head_json":{"title":"Cody For Congress - Democrat for Oregon's 6th Congressional District","description":"Cody Reynolds is a Veteran and Democrat running for U.S. House of Representatives in Oregon's 6th Congressional District.","robots":{"index":"index","follow":"follow","max-snippet":"max-snippet:-1","max-image-preview":"max-image-preview:large","max-video-preview":"max-video-preview:-1"},"canonical":"https:\/\/codyfororegon.com\/es\/","og_locale":"es_MX","og_type":"article","og_title":"Cody For Oregon","og_description":"Cody Reynolds is a Democrat running for Congress in Oregon's 6th District.","og_url":"https:\/\/codyfororegon.com\/es\/","og_site_name":"Cody Reynolds For Oregon&#039;s 6th Congressional District","article_publisher":"https:\/\/www.facebook.com\/CodyForOregon\/","article_modified_time":"2024-03-08T18:29:21+00:00","og_image":[{"width":1200,"height":630,"url":"https:\/\/codyfororegon.com\/wp-content\/uploads\/2022\/01\/CodyForOregon.png","type":"image\/png"}],"twitter_card":"summary_large_image","twitter_title":"Cody For Oregon","twitter_description":"Cody Reynolds is a Democrat running for Congress in Oregon's 6th District.","twitter_image":"https:\/\/codyfororegon.com\/wp-content\/uploads\/2022\/01\/CodyForOregon.png","twitter_site":"@codyfororegon","twitter_misc":{"Tiempo de lectura":"5 minutos"},"schema":{"@context":"https:\/\/schema.org","@graph":[{"@type":"WebPage","@id":"https:\/\/codyfororegon.com\/","url":"https:\/\/codyfororegon.com\/","name":"Cody For Congress - Democrat for Oregon's 6th Congressional District","isPartOf":{"@id":"https:\/\/codyfororegon.com\/#website"},"primaryImageOfPage":{"@id":"https:\/\/codyfororegon.com\/#primaryimage"},"image":{"@id":"https:\/\/codyfororegon.com\/#primaryimage"},"thumbnailUrl":"https:\/\/codyfororegon.com\/wp-content\/uploads\/2021\/11\/14-756x1024.jpg","datePublished":"2017-05-10T22:26:47+00:00","dateModified":"2024-03-08T18:29:21+00:00","description":"Cody Reynolds is a Veteran and Democrat running for U.S. House of Representatives in Oregon's 6th Congressional District.","breadcrumb":{"@id":"https:\/\/codyfororegon.com\/#breadcrumb"},"inLanguage":"es","potentialAction":[{"@type":"ReadAction","target":["https:\/\/codyfororegon.com\/"]}]},{"@type":"ImageObject","inLanguage":"es","@id":"https:\/\/codyfororegon.com\/#primaryimage","url":"https:\/\/codyfororegon.com\/wp-content\/uploads\/2021\/11\/14-756x1024.jpg","contentUrl":"https:\/\/codyfororegon.com\/wp-content\/uploads\/2021\/11\/14-756x1024.jpg"},{"@type":"BreadcrumbList","@id":"https:\/\/codyfororegon.com\/#breadcrumb","itemListElement":[{"@type":"ListItem","position":1,"name":"Home","item":"https:\/\/codyfororegon.com\/"},{"@type":"ListItem","position":2,"name":"Home","item":"https:\/\/codyfororegon.com\/home\/"}]},{"@type":"WebSite","@id":"https:\/\/codyfororegon.com\/#website","url":"https:\/\/codyfororegon.com\/","name":"Cody Reynolds For Oregon&#039;s 6th Congressional District","description":"Cody For Oregon","publisher":{"@id":"https:\/\/codyfororegon.com\/#organization"},"potentialAction":[{"@type":"SearchAction","target":{"@type":"EntryPoint","urlTemplate":"https:\/\/codyfororegon.com\/?s={search_term_string}"},"query-input":{"@type":"PropertyValueSpecification","valueRequired":true,"valueName":"search_term_string"}}],"inLanguage":"es"},{"@type":"Organization","@id":"https:\/\/codyfororegon.com\/#organization","name":"Cody For Oregon","url":"https:\/\/codyfororegon.com\/","logo":{"@type":"ImageObject","inLanguage":"es","@id":"https:\/\/codyfororegon.com\/#\/schema\/logo\/image\/","url":"https:\/\/codyfororegon.com\/wp-content\/uploads\/2022\/01\/Cody-For-Oregon-Picture-01-1024x576.png","contentUrl":"https:\/\/codyfororegon.com\/wp-content\/uploads\/2022\/01\/Cody-For-Oregon-Picture-01-1024x576.png","width":1024,"height":576,"caption":"Cody For Oregon"},"image":{"@id":"https:\/\/codyfororegon.com\/#\/schema\/logo\/image\/"},"sameAs":["https:\/\/www.facebook.com\/CodyForOregon\/","https:\/\/x.com\/codyfororegon","https:\/\/www.instagram.com\/cody4oregon\/","https:\/\/www.youtube.com\/channel\/UCotg7yX_vv7tNHrT9j0RYOQ"]}]}},"campaignId":"","_links":{"self":[{"href":"https:\/\/codyfororegon.com\/es\/wp-json\/wp\/v2\/pages\/6571"}],"collection":[{"href":"https:\/\/codyfororegon.com\/es\/wp-json\/wp\/v2\/pages"}],"about":[{"href":"https:\/\/codyfororegon.com\/es\/wp-json\/wp\/v2\/types\/page"}],"author":[{"embeddable":true,"href":"https:\/\/codyfororegon.com\/es\/wp-json\/wp\/v2\/users\/1"}],"replies":[{"embeddable":true,"href":"https:\/\/codyfororegon.com\/es\/wp-json\/wp\/v2\/comments?post=6571"}],"version-history":[{"count":163,"href":"https:\/\/codyfororegon.com\/es\/wp-json\/wp\/v2\/pages\/6571\/revisions"}],"predecessor-version":[{"id":7608,"href":"https:\/\/codyfororegon.com\/es\/wp-json\/wp\/v2\/pages\/6571\/revisions\/7608"}],"up":[{"embeddable":true,"href":"https:\/\/codyfororegon.com\/es\/wp-json\/wp\/v2\/pages\/2346"}],"wp:attachment":[{"href":"https:\/\/codyfororegon.com\/es\/wp-json\/wp\/v2\/media?parent=6571"}],"curies":[{"name":"wp","href":"https:\/\/api.w.org\/{rel}","templated":true}]}}